{"id":3,"date":"2022-02-14T23:38:54","date_gmt":"2022-02-14T23:38:54","guid":{"rendered":"https:\/\/plataforma.apifutebol.com\/?page_id=3"},"modified":"2022-04-12T13:37:31","modified_gmt":"2022-04-12T13:37:31","slug":"termos-e-condicoes-de-uso","status":"publish","type":"page","link":"https:\/\/plataforma.apifutebol.com\/es\/termos-e-condicoes-de-uso\/","title":{"rendered":"Termos e Condi\u00e7\u00f5es de Uso"},"content":{"rendered":"<h2 class=\"wp-block-heading\">Esse termo \u00e9 apenas um exemplo<\/h2>\r\n\r\n\r\n\r\n<p>Por outro lado, a execu\u00e7\u00e3o dos pontos do programa estende o alcance e a import\u00e2ncia do fluxo de informa\u00e7\u00f5es. Percebemos, cada vez mais, que a competitividade nas transa\u00e7\u00f5es comerciais cumpre um papel essencial na formula\u00e7\u00e3o do sistema de forma\u00e7\u00e3o de quadros que corresponde \u00e0s necessidades. Evidentemente, o julgamento imparcial das eventualidades talvez venha a ressaltar a relatividade dos \u00edndices pretendidos. Assim mesmo, o entendimento das metas propostas exige a precis\u00e3o e a defini\u00e7\u00e3o das novas proposi\u00e7\u00f5es.<br \/><br \/>Nunca \u00e9 demais lembrar o peso e o significado destes problemas, uma vez que o in\u00edcio da atividade geral de forma\u00e7\u00e3o de atitudes auxilia a prepara\u00e7\u00e3o e a composi\u00e7\u00e3o dos modos de opera\u00e7\u00e3o convencionais. \u00c9 <strong>claro que o desenvolvimento cont\u00ednuo de distintas<\/strong> formas de atua\u00e7\u00e3o obstaculiza a aprecia\u00e7\u00e3o da import\u00e2ncia das dire\u00e7\u00f5es preferenciais no sentido do progresso. Do mesmo modo, a constante divulga\u00e7\u00e3o das informa\u00e7\u00f5es facilita a cria\u00e7\u00e3o dos relacionamentos verticais entre as hierarquias.<br \/><br \/>As experi\u00eancias acumuladas demonstram que a consolida\u00e7\u00e3o das estruturas possibilita uma melhor vis\u00e3o global das condi\u00e7\u00f5es inegavelmente apropriadas. Acima de tudo, \u00e9 fundamental ressaltar que a hegemonia do ambiente pol\u00edtico maximiza as possibilidades por conta de todos os recursos funcionais envolvidos. Pensando mais a longo prazo, o novo modelo estrutural aqui preconizado n\u00e3o pode mais se dissociar do sistema de participa\u00e7\u00e3o geral.<br \/><br \/>Por conseguinte, o comprometimento entre as equipes afeta positivamente a correta previs\u00e3o das regras de conduta normativas. Todas estas quest\u00f5es, devidamente ponderadas, levantam d\u00favidas sobre se a determina\u00e7\u00e3o clara de objetivos representa <em>uma abertura para a melhoria do retorno esperado a longo prazo<\/em>. No mundo atual, o fen\u00f4meno da Internet promove a alavancagem das condi\u00e7\u00f5es financeiras e administrativas exigidas.<br \/><br \/>O cuidado em identificar pontos cr\u00edticos na expans\u00e3o dos mercados mundiais agrega valor ao estabelecimento dos paradigmas corporativos. N\u00e3o obstante, o surgimento do com\u00e9rcio virtual prepara-nos para enfrentar situa\u00e7\u00f5es at\u00edpicas decorrentes dos procedimentos normalmente adotados. Gostaria de enfatizar que o aumento do di\u00e1logo entre os diferentes setores produtivos oferece uma interessante oportunidade para verifica\u00e7\u00e3o das posturas dos \u00f3rg\u00e3os dirigentes com rela\u00e7\u00e3o \u00e0s suas atribui\u00e7\u00f5es.<br \/><br \/>Ainda assim, existem d\u00favidas a respeito de como a cont\u00ednua expans\u00e3o de nossa atividade desafia a capacidade de equaliza\u00e7\u00e3o da gest\u00e3o inovadora da qual fazemos parte. A n\u00edvel organizacional, a crescente influ\u00eancia da m\u00eddia assume importantes posi\u00e7\u00f5es no estabelecimento do impacto na agilidade decis\u00f3ria. O que temos que ter sempre em mente \u00e9 que a mobilidade dos capitais internacionais acarreta um processo de reformula\u00e7\u00e3o e moderniza\u00e7\u00e3o das diversas correntes de pensamento. Desta maneira, o consenso sobre a necessidade de qualifica\u00e7\u00e3o pode nos levar a considerar a reestrutura\u00e7\u00e3o das formas de a\u00e7\u00e3o.<\/p>","protected":false},"excerpt":{"rendered":"<p>Esse termo \u00e9 apenas um exemplo Por outro lado, a execu\u00e7\u00e3o dos pontos do programa estende o alcance e a [&hellip;]<\/p>","protected":false},"author":1,"featured_media":0,"parent":0,"menu_order":0,"comment_status":"closed","ping_status":"open","template":"","meta":{"_acf_changed":false,"inline_featured_image":false,"footnotes":""},"class_list":["post-3","page","type-page","status-publish","hentry"],"acf":[],"_links":{"self":[{"href":"https:\/\/plataforma.apifutebol.com\/es\/wp-json\/wp\/v2\/pages\/3","targetHints":{"allow":["GET"]}}],"collection":[{"href":"https:\/\/plataforma.apifutebol.com\/es\/wp-json\/wp\/v2\/pages"}],"about":[{"href":"https:\/\/plataforma.apifutebol.com\/es\/wp-json\/wp\/v2\/types\/page"}],"author":[{"embeddable":true,"href":"https:\/\/plataforma.apifutebol.com\/es\/wp-json\/wp\/v2\/users\/1"}],"replies":[{"embeddable":true,"href":"https:\/\/plataforma.apifutebol.com\/es\/wp-json\/wp\/v2\/comments?post=3"}],"version-history":[{"count":1,"href":"https:\/\/plataforma.apifutebol.com\/es\/wp-json\/wp\/v2\/pages\/3\/revisions"}],"predecessor-version":[{"id":319,"href":"https:\/\/plataforma.apifutebol.com\/es\/wp-json\/wp\/v2\/pages\/3\/revisions\/319"}],"wp:attachment":[{"href":"https:\/\/plataforma.apifutebol.com\/es\/wp-json\/wp\/v2\/media?parent=3"}],"curies":[{"name":"wp","href":"https:\/\/api.w.org\/{rel}","templated":true}]}}